{"version":"1.0","provider_name":"Fondation Primat","provider_url":"https:\/\/fondationprimat.org\/en\/","author_name":"Ga\u00ebl Lugaz","author_url":"https:\/\/fondationprimat.org\/en\/author\/brandlift\/","title":"Les laur\u00e9ats du 8\u00e8me appel \u00e0 micro-innitiatives &#8211; Fondation Primat","type":"rich","width":600,"height":338,"html":"<blockquote class=\"wp-embedded-content\" data-secret=\"tnxanCELfh\"><a href=\"https:\/\/fondationprimat.org\/en\/les-laureats-du-8eme-appel-a-micro-innitiatives\/\">Les laur\u00e9ats du 8\u00e8me appel \u00e0 micro-innitiatives<\/a><\/blockquote><iframe sandbox=\"allow-scripts\" security=\"restricted\" src=\"https:\/\/fondationprimat.org\/en\/les-laureats-du-8eme-appel-a-micro-innitiatives\/embed\/#?secret=tnxanCELfh\" width=\"600\" height=\"338\" title=\"&#8220;Les laur\u00e9ats du 8\u00e8me appel \u00e0 micro-innitiatives&#8221; &#8212; Fondation Primat\" data-secret=\"tnxanCELfh\" frameborder=\"0\" marginwidth=\"0\" marginheight=\"0\" scrolling=\"no\" class=\"wp-embedded-content\"><\/iframe><script>\n\/*! This file is auto-generated *\/\n!function(d,l){\"use strict\";l.querySelector&&d.addEventListener&&\"undefined\"!=typeof URL&&(d.wp=d.wp||{},d.wp.receiveEmbedMessage||(d.wp.receiveEmbedMessage=function(e){var t=e.data;if((t||t.secret||t.message||t.value)&&!\/[^a-zA-Z0-9]\/.test(t.secret)){for(var s,r,n,a=l.querySelectorAll('iframe[data-secret=\"'+t.secret+'\"]'),o=l.querySelectorAll('blockquote[data-secret=\"'+t.secret+'\"]'),c=new RegExp(\"^https?:$\",\"i\"),i=0;i<o.length;i++)o[i].style.display=\"none\";for(i=0;i<a.length;i++)s=a[i],e.source===s.contentWindow&&(s.removeAttribute(\"style\"),\"height\"===t.message?(1e3<(r=parseInt(t.value,10))?r=1e3:~~r<200&&(r=200),s.height=r):\"link\"===t.message&&(r=new URL(s.getAttribute(\"src\")),n=new URL(t.value),c.test(n.protocol))&&n.host===r.host&&l.activeElement===s&&(d.top.location.href=t.value))}},d.addEventListener(\"message\",d.wp.receiveEmbedMessage,!1),l.addEventListener(\"DOMContentLoaded\",function(){for(var e,t,s=l.querySelectorAll(\"iframe.wp-embedded-content\"),r=0;r<s.length;r++)(t=(e=s[r]).getAttribute(\"data-secret\"))||(t=Math.random().toString(36).substring(2,12),e.src+=\"#?secret=\"+t,e.setAttribute(\"data-secret\",t)),e.contentWindow.postMessage({message:\"ready\",secret:t},\"*\")},!1)))}(window,document);\n\/\/# sourceURL=https:\/\/fondationprimat.org\/wp-includes\/js\/wp-embed.min.js\n<\/script>\n","thumbnail_url":"https:\/\/fondationprimat.org\/wp-content\/uploads\/2024\/04\/CARTEAMI2024-FR-1536x1190-1.png","thumbnail_width":1536,"thumbnail_height":1190,"description":"En 2024, BeMed soutiendra 14 initiatives locales visant \u00e0 sensibiliser et r\u00e9duire la pollution plastique en M\u00e9diterran\u00e9e. Pour renforcer son soutien aux acteurs locaux, BeMed s\u2019attache \u00e0\u00a0faciliter le dialogue\u00a0et\u00a0cr\u00e9er une dynamique d\u2019\u00e9change\u00a0et de\u00a0partage\u00a0au sein d\u2019un r\u00e9seau d\u2019acteurs m\u00e9diterran\u00e9ens engag\u00e9s pour une M\u00e9diterran\u00e9e sans plastique. De nombreuses \u00e9tudes scientifiques consid\u00e8rent que la M\u00e9diterran\u00e9e est la mer [&hellip;]"}